{"id":3926,"date":"2021-06-30T11:38:00","date_gmt":"2021-06-30T09:38:00","guid":{"rendered":"https:\/\/hevron.ivimedia.website\/realisations\/nestle-bergeres\/"},"modified":"2026-02-23T14:51:26","modified_gmt":"2026-02-23T13:51:26","slug":"nestle-bergeres","status":"publish","type":"realisations","link":"https:\/\/hevron.ivimedia.website\/de\/realisations\/nestle-bergeres\/","title":{"rendered":"Nestl\u00e9 Berg\u00e8res"},"content":{"rendered":"\n<p><strong>Das Geb\u00e4ude Berg\u00e8res B<\/strong>, das sich auf dem Nestl\u00e9-Campus in Vevey befindet, ist ein Hightech-Projekt, das Verwaltungs- und Forschungsr\u00e4ume beherbergen soll. <strong>Gebaut zwischen 2019 und 2021<\/strong>, zeichnet sie sich durch ihre Fassaden aus elektrochromen Elementen aus und bietet intelligente Licht- und W\u00e4rmeregulierung. Hevron beteiligte sich an diesem gro\u00df angelegten Projekt, indem er die technischen Fassaden und \u00dcberdachungen schuf. Diese Ma\u00dfnahme zeigt die F\u00e4higkeit des Unternehmens, die h\u00f6chsten Anforderungen in Bezug auf Leistung, Pr\u00e4zision und architektonische Innovation zu erf\u00fcllen.<\/p>\n","protected":false},"featured_media":3928,"template":"","meta":{"_acf_changed":false,"inline_featured_image":false,"footnotes":""},"categories":[32,33],"tags":[],"class_list":["post-3926","realisations","type-realisations","status-publish","has-post-thumbnail","hentry","category-facades","category-haute-technologie"],"acf":[],"yoast_head":"<!-- This site is optimized with the Yoast SEO plugin v26.7 - https:\/\/yoast.com\/wordpress\/plugins\/seo\/ -->\n<title>Nestl\u00e9 Berg\u00e8res - Hevron<\/title>\n<meta name=\"robots\" content=\"noindex, follow\" \/>\n<meta property=\"og:locale\" content=\"de_DE\" \/>\n<meta property=\"og:type\" content=\"article\" \/>\n<meta property=\"og:title\" content=\"Nestl\u00e9 Berg\u00e8res - Hevron\" \/>\n<meta property=\"og:description\" content=\"Das Geb\u00e4ude Berg\u00e8res B, das sich auf dem Nestl\u00e9-Campus in Vevey befindet, ist ein Hightech-Projekt, das Verwaltungs- und Forschungsr\u00e4ume beherbergen soll. Gebaut zwischen 2019 und 2021, zeichnet sie sich durch ihre Fassaden aus elektrochromen Elementen aus und bietet intelligente Licht- und W\u00e4rmeregulierung. Hevron beteiligte sich an diesem gro\u00df angelegten Projekt, indem er die technischen Fassaden [&hellip;]\" \/>\n<meta property=\"og:url\" content=\"https:\/\/hevron.ivimedia.website\/de\/realisations\/nestle-bergeres\/\" \/>\n<meta property=\"og:site_name\" content=\"Hevron\" \/>\n<meta property=\"article:modified_time\" content=\"2026-02-23T13:51:26+00:00\" \/>\n<meta property=\"og:image\" content=\"https:\/\/hevron.ivimedia.website\/wp-content\/uploads\/2025\/06\/Hevron_nestle-02.webp\" \/>\n\t<meta property=\"og:image:width\" content=\"1500\" \/>\n\t<meta property=\"og:image:height\" content=\"1000\" \/>\n\t<meta property=\"og:image:type\" content=\"image\/webp\" \/>\n<meta name=\"twitter:card\" content=\"summary_large_image\" \/>\n<script type=\"application\/ld+json\" class=\"yoast-schema-graph\">{\"@context\":\"https:\/\/schema.org\",\"@graph\":[{\"@type\":\"WebPage\",\"@id\":\"https:\/\/hevron.ivimedia.website\/de\/realisations\/nestle-bergeres\/\",\"url\":\"https:\/\/hevron.ivimedia.website\/de\/realisations\/nestle-bergeres\/\",\"name\":\"Nestl\u00e9 Berg\u00e8res - Hevron\",\"isPartOf\":{\"@id\":\"https:\/\/hevron.ivimedia.website\/de\/#website\"},\"primaryImageOfPage\":{\"@id\":\"https:\/\/hevron.ivimedia.website\/de\/realisations\/nestle-bergeres\/#primaryimage\"},\"image\":{\"@id\":\"https:\/\/hevron.ivimedia.website\/de\/realisations\/nestle-bergeres\/#primaryimage\"},\"thumbnailUrl\":\"https:\/\/hevron.ivimedia.website\/wp-content\/uploads\/2025\/06\/Hevron_nestle-02.webp\",\"datePublished\":\"2021-06-30T09:38:00+00:00\",\"dateModified\":\"2026-02-23T13:51:26+00:00\",\"breadcrumb\":{\"@id\":\"https:\/\/hevron.ivimedia.website\/de\/realisations\/nestle-bergeres\/#breadcrumb\"},\"inLanguage\":\"de\",\"potentialAction\":[{\"@type\":\"ReadAction\",\"target\":[\"https:\/\/hevron.ivimedia.website\/de\/realisations\/nestle-bergeres\/\"]}]},{\"@type\":\"ImageObject\",\"inLanguage\":\"de\",\"@id\":\"https:\/\/hevron.ivimedia.website\/de\/realisations\/nestle-bergeres\/#primaryimage\",\"url\":\"https:\/\/hevron.ivimedia.website\/wp-content\/uploads\/2025\/06\/Hevron_nestle-02.webp\",\"contentUrl\":\"https:\/\/hevron.ivimedia.website\/wp-content\/uploads\/2025\/06\/Hevron_nestle-02.webp\",\"width\":1500,\"height\":1000,\"caption\":\"Hevron \u2013 R\u00e9alisation du b\u00e2timent Nestl\u00e9 Berg\u00e8res B \u00e0 Vevey : fa\u00e7ades \u00e9lectrochromes et marquises innovantes.\"},{\"@type\":\"BreadcrumbList\",\"@id\":\"https:\/\/hevron.ivimedia.website\/de\/realisations\/nestle-bergeres\/#breadcrumb\",\"itemListElement\":[{\"@type\":\"ListItem\",\"position\":1,\"name\":\"Accueil\",\"item\":\"https:\/\/hevron.ivimedia.website\/de\/\"},{\"@type\":\"ListItem\",\"position\":2,\"name\":\"Realisations\",\"item\":\"https:\/\/hevron.ivimedia.website\/de\/realisations\/\"},{\"@type\":\"ListItem\",\"position\":3,\"name\":\"Nestl\u00e9 Berg\u00e8res\"}]},{\"@type\":\"WebSite\",\"@id\":\"https:\/\/hevron.ivimedia.website\/de\/#website\",\"url\":\"https:\/\/hevron.ivimedia.website\/de\/\",\"name\":\"Hevron\",\"description\":\"\",\"potentialAction\":[{\"@type\":\"SearchAction\",\"target\":{\"@type\":\"EntryPoint\",\"urlTemplate\":\"https:\/\/hevron.ivimedia.website\/de\/?s={search_term_string}\"},\"query-input\":{\"@type\":\"PropertyValueSpecification\",\"valueRequired\":true,\"valueName\":\"search_term_string\"}}],\"inLanguage\":\"de\"}]}<\/script>\n<!-- \/ Yoast SEO plugin. -->","yoast_head_json":{"title":"Nestl\u00e9 Berg\u00e8res - Hevron","robots":{"index":"noindex","follow":"follow"},"og_locale":"de_DE","og_type":"article","og_title":"Nestl\u00e9 Berg\u00e8res - Hevron","og_description":"Das Geb\u00e4ude Berg\u00e8res B, das sich auf dem Nestl\u00e9-Campus in Vevey befindet, ist ein Hightech-Projekt, das Verwaltungs- und Forschungsr\u00e4ume beherbergen soll. Gebaut zwischen 2019 und 2021, zeichnet sie sich durch ihre Fassaden aus elektrochromen Elementen aus und bietet intelligente Licht- und W\u00e4rmeregulierung. Hevron beteiligte sich an diesem gro\u00df angelegten Projekt, indem er die technischen Fassaden [&hellip;]","og_url":"https:\/\/hevron.ivimedia.website\/de\/realisations\/nestle-bergeres\/","og_site_name":"Hevron","article_modified_time":"2026-02-23T13:51:26+00:00","og_image":[{"width":1500,"height":1000,"url":"https:\/\/hevron.ivimedia.website\/wp-content\/uploads\/2025\/06\/Hevron_nestle-02.webp","type":"image\/webp"}],"twitter_card":"summary_large_image","schema":{"@context":"https:\/\/schema.org","@graph":[{"@type":"WebPage","@id":"https:\/\/hevron.ivimedia.website\/de\/realisations\/nestle-bergeres\/","url":"https:\/\/hevron.ivimedia.website\/de\/realisations\/nestle-bergeres\/","name":"Nestl\u00e9 Berg\u00e8res - Hevron","isPartOf":{"@id":"https:\/\/hevron.ivimedia.website\/de\/#website"},"primaryImageOfPage":{"@id":"https:\/\/hevron.ivimedia.website\/de\/realisations\/nestle-bergeres\/#primaryimage"},"image":{"@id":"https:\/\/hevron.ivimedia.website\/de\/realisations\/nestle-bergeres\/#primaryimage"},"thumbnailUrl":"https:\/\/hevron.ivimedia.website\/wp-content\/uploads\/2025\/06\/Hevron_nestle-02.webp","datePublished":"2021-06-30T09:38:00+00:00","dateModified":"2026-02-23T13:51:26+00:00","breadcrumb":{"@id":"https:\/\/hevron.ivimedia.website\/de\/realisations\/nestle-bergeres\/#breadcrumb"},"inLanguage":"de","potentialAction":[{"@type":"ReadAction","target":["https:\/\/hevron.ivimedia.website\/de\/realisations\/nestle-bergeres\/"]}]},{"@type":"ImageObject","inLanguage":"de","@id":"https:\/\/hevron.ivimedia.website\/de\/realisations\/nestle-bergeres\/#primaryimage","url":"https:\/\/hevron.ivimedia.website\/wp-content\/uploads\/2025\/06\/Hevron_nestle-02.webp","contentUrl":"https:\/\/hevron.ivimedia.website\/wp-content\/uploads\/2025\/06\/Hevron_nestle-02.webp","width":1500,"height":1000,"caption":"Hevron \u2013 R\u00e9alisation du b\u00e2timent Nestl\u00e9 Berg\u00e8res B \u00e0 Vevey : fa\u00e7ades \u00e9lectrochromes et marquises innovantes."},{"@type":"BreadcrumbList","@id":"https:\/\/hevron.ivimedia.website\/de\/realisations\/nestle-bergeres\/#breadcrumb","itemListElement":[{"@type":"ListItem","position":1,"name":"Accueil","item":"https:\/\/hevron.ivimedia.website\/de\/"},{"@type":"ListItem","position":2,"name":"Realisations","item":"https:\/\/hevron.ivimedia.website\/de\/realisations\/"},{"@type":"ListItem","position":3,"name":"Nestl\u00e9 Berg\u00e8res"}]},{"@type":"WebSite","@id":"https:\/\/hevron.ivimedia.website\/de\/#website","url":"https:\/\/hevron.ivimedia.website\/de\/","name":"Hevron","description":"","potentialAction":[{"@type":"SearchAction","target":{"@type":"EntryPoint","urlTemplate":"https:\/\/hevron.ivimedia.website\/de\/?s={search_term_string}"},"query-input":{"@type":"PropertyValueSpecification","valueRequired":true,"valueName":"search_term_string"}}],"inLanguage":"de"}]}},"_links":{"self":[{"href":"https:\/\/hevron.ivimedia.website\/de\/wp-json\/wp\/v2\/realisations\/3926","targetHints":{"allow":["GET"]}}],"collection":[{"href":"https:\/\/hevron.ivimedia.website\/de\/wp-json\/wp\/v2\/realisations"}],"about":[{"href":"https:\/\/hevron.ivimedia.website\/de\/wp-json\/wp\/v2\/types\/realisations"}],"version-history":[{"count":2,"href":"https:\/\/hevron.ivimedia.website\/de\/wp-json\/wp\/v2\/realisations\/3926\/revisions"}],"predecessor-version":[{"id":4576,"href":"https:\/\/hevron.ivimedia.website\/de\/wp-json\/wp\/v2\/realisations\/3926\/revisions\/4576"}],"wp:featuredmedia":[{"embeddable":true,"href":"https:\/\/hevron.ivimedia.website\/de\/wp-json\/wp\/v2\/media\/3928"}],"wp:attachment":[{"href":"https:\/\/hevron.ivimedia.website\/de\/wp-json\/wp\/v2\/media?parent=3926"}],"wp:term":[{"taxonomy":"category","embeddable":true,"href":"https:\/\/hevron.ivimedia.website\/de\/wp-json\/wp\/v2\/categories?post=3926"},{"taxonomy":"post_tag","embeddable":true,"href":"https:\/\/hevron.ivimedia.website\/de\/wp-json\/wp\/v2\/tags?post=3926"}],"curies":[{"name":"wp","href":"https:\/\/api.w.org\/{rel}","templated":true}]}}